{"id":136,"date":"2025-05-29T13:22:40","date_gmt":"2025-05-29T11:22:40","guid":{"rendered":"https:\/\/lagatacongafas.com\/david-rabada-i-vives\/?page_id=136"},"modified":"2025-05-29T13:31:30","modified_gmt":"2025-05-29T11:31:30","slug":"el-jesus-historico","status":"publish","type":"page","link":"https:\/\/lagatacongafas.com\/david-rabada-i-vives\/el-jesus-historico\/","title":{"rendered":"El Jes\u00fas hist\u00f3rico"},"content":{"rendered":"<p><div class=\"et_d4_element et_pb_section et_pb_section_0 et_pb_with_background  et_pb_css_mix_blend_mode et_section_specialty et_block_section\" >\n\t\t\t\t\n\t\t\t\t\n\t\t\t\t\n\t\t\t\t\n\t\t\t\t\n\t\t\t\t<div class=\"et_pb_row et_block_row et_d4_element\">\n\t\t\t\t<div class=\"et_d4_element et_pb_column_1_2 et_pb_column et_pb_column_0   et_pb_specialty_column  et_pb_css_mix_blend_mode et_block_column\">\n\t\t\t\t\n\t\t\t\t\n\t\t\t\t\n\t\t\t\t\n\t\t\t\t<div class=\"et_d4_element et_pb_row_inner et_pb_row_inner_0  et_pb_css_mix_blend_mode et_block_row\">\n\t\t\t\t<div class=\"et_pb_column et_pb_column_4_4 et_d4_element et_pb_column_inner et_pb_column_inner_0  et_pb_css_mix_blend_mode et-last-child et_block_column\">\n\t\t\t\t\n\t\t\t\t\n\t\t\t\t\n\t\t\t\t\n\t\t\t\t<div class=\"et_pb_module et_d4_element et_pb_heading et_pb_heading_0 et_pb_bg_layout_\">\n\t\t\t\t\n\t\t\t\t\n\t\t\t\t\n\t\t\t\t\n\t\t\t\t<div class=\"et_pb_heading_container\"><h4 class=\"et_pb_module_heading\">ENSAYO<\/h4><\/div>\n\t\t\t<\/div><div class=\"et_pb_module et_d4_element et_pb_heading et_pb_heading_1 et_pb_bg_layout_\">\n\t\t\t\t\n\t\t\t\t\n\t\t\t\t\n\t\t\t\t\n\t\t\t\t<div class=\"et_pb_heading_container\"><h1 class=\"et_pb_module_heading\">El Jes\u00fas hist\u00f3rico: 2000 a\u00f1os de a\u00f1adidos<\/h1><\/div>\n\t\t\t<\/div><div class=\"et_pb_module et_d4_element et_pb_text et_pb_text_0  et_pb_text_align_left et_pb_bg_layout_light\">\n\t\t\t\t\n\t\t\t\t\n\t\t\t\t\n\t\t\t\t\n\t\t\t\t<div class=\"et_pb_text_inner\"><p>Hoy en d\u00eda sabemos que el Jes\u00fas hist\u00f3rico del pasado nada tuvo que ver con el Cristo elaborado por la fe. Ambos personajes fueron totalmente opuestos y distaron mucho de ser uno mismo. En ello, y aunque no se explique durante las misas, est\u00e1n de acuerdo la gran mayor\u00eda de expertos b\u00edblicos. Tras muchos a\u00f1os de investigaci\u00f3n<br \/>hay datos suficientes para detallar que la imagen evang\u00e9lica del Cristo de la paz fue inventada a partir de la visi\u00f3n de los primeros cristianos. Luego el contexto en donde fueron redactados los evangelios, m\u00e1s la presi\u00f3n del amenazante Imperio de Roma y el posterior poder de la Iglesia, cambiaron por completo el pret\u00e9rito Jes\u00fas hist\u00f3rico convirti\u00e9ndolo en el vigente Cristo de la fe.<\/p>\n<p>Bienvenidos a un viaje en el tiempo que nos llevar\u00e1 hasta qui\u00e9n quiso revolucionar su sociedad jud\u00eda.<\/p><\/div>\n\t\t\t<\/div><div class=\"et_pb_button_module_wrapper et_pb_button_0_wrapper  et_pb_module \">\n\t\t\t\t<a class=\"et_pb_button et_d4_element et_pb_button_0 et_pb_bg_layout_light et_block_module\" href=\"\">COMPRAR<\/a>\n\t\t\t<\/div>\n\t\t\t<\/div>\n\t\t\t\t\n\t\t\t\t\n\t\t\t\t\n\t\t\t\t\n\t\t\t<\/div><div class=\"et_pb_with_border et_d4_element et_pb_row_inner et_pb_row_inner_1  et_pb_css_mix_blend_mode et_block_row\">\n\t\t\t\t<div class=\"et_pb_column et_pb_column_4_4 et_d4_element et_pb_column_inner et_pb_column_inner_1  et_pb_css_mix_blend_mode et-last-child et_block_column\">\n\t\t\t\t\n\t\t\t\t\n\t\t\t\t\n\t\t\t\t\n\t\t\t\t<div class=\"et_pb_module et_d4_element et_pb_heading et_pb_heading_2 et_pb_bg_layout_\">\n\t\t\t\t\n\t\t\t\t\n\t\t\t\t\n\t\t\t\t\n\t\t\t\t<div class=\"et_pb_heading_container\"><h3 class=\"et_pb_module_heading\">Ebook disponible<\/h3><\/div>\n\t\t\t<\/div><div class=\"et_pb_module et_d4_element et_pb_text et_pb_text_1  et_pb_text_align_left et_pb_bg_layout_light\">\n\t\t\t\t\n\t\t\t\t\n\t\t\t\t\n\t\t\t\t\n\t\t\t\t<div class=\"et_pb_text_inner\"><p>Pr\u00f3ximamente<\/p><\/div>\n\t\t\t<\/div><div class=\"et_pb_button_module_wrapper et_pb_button_1_wrapper  et_pb_module \">\n\t\t\t\t<a class=\"et_pb_button et_d4_element et_pb_button_1 et_pb_bg_layout_light et_block_module\" href=\"\">comprar<\/a>\n\t\t\t<\/div>\n\t\t\t<\/div>\n\t\t\t\t\n\t\t\t\t\n\t\t\t\t\n\t\t\t\t\n\t\t\t<\/div>\n\t\t\t<\/div><div class=\"et_d4_element et_pb_column_1_2 et_pb_column et_pb_column_1    et_pb_css_mix_blend_mode et_block_column\">\n\t\t\t\t\n\t\t\t\t\n\t\t\t\t\n\t\t\t\t\n\t\t\t\t<div class=\"et_pb_module et_d4_element et_pb_image et_pb_image_0\">\n\t\t\t\t\n\t\t\t\t\n\t\t\t\t\n\t\t\t\t\n\t\t\t\t<span class=\"et_pb_image_wrap has-box-shadow-overlay\"><div class=\"box-shadow-overlay\"><\/div><img loading=\"lazy\" decoding=\"async\" width=\"1764\" height=\"2560\" src=\"https:\/\/lagatacongafas.com\/david-rabada-i-vives\/wp-content\/uploads\/sites\/10\/2025\/05\/El-Jesus-Historico-cubierta-scaled.jpg\" alt=\"\" title=\"El Jesus Historico cubierta\" srcset=\"https:\/\/lagatacongafas.com\/david-rabada-i-vives\/wp-content\/uploads\/sites\/10\/2025\/05\/El-Jesus-Historico-cubierta-scaled.jpg 1764w, https:\/\/lagatacongafas.com\/david-rabada-i-vives\/wp-content\/uploads\/sites\/10\/2025\/05\/El-Jesus-Historico-cubierta-1280x1858.jpg 1280w, https:\/\/lagatacongafas.com\/david-rabada-i-vives\/wp-content\/uploads\/sites\/10\/2025\/05\/El-Jesus-Historico-cubierta-980x1422.jpg 980w, https:\/\/lagatacongafas.com\/david-rabada-i-vives\/wp-content\/uploads\/sites\/10\/2025\/05\/El-Jesus-Historico-cubierta-480x697.jpg 480w\" sizes=\"(min-width: 0px) and (max-width: 480px) 480px, (min-width: 481px) and (max-width: 980px) 980px, (min-width: 981px) and (max-width: 1280px) 1280px, (min-width: 1281px) 1764px, 100vw\" class=\"wp-image-81\" \/><\/span>\n\t\t\t<\/div>\n\t\t\t<\/div>\n\t\t\t\t<\/div>\n\t\t\t\t\n\t\t\t<\/div><div class=\"et_d4_element et_pb_section et_pb_section_1 et_pb_with_background  et_pb_css_mix_blend_mode et_section_regular et_block_section\" >\n\t\t\t\t\n\t\t\t\t\n\t\t\t\t\n\t\t\t\t\n\t\t\t\t\n\t\t\t\t\n\t\t\t\t<div class=\"et_d4_element et_pb_row et_pb_row_0  et_pb_css_mix_blend_mode et_block_row\">\n\t\t\t\t<div class=\"et_d4_element et_pb_column_4_4 et_pb_column et_pb_column_2  et_pb_css_mix_blend_mode et-last-child et_block_column\">\n\t\t\t\t\n\t\t\t\t\n\t\t\t\t\n\t\t\t\t\n\t\t\t\t<div class=\"et_pb_module et_d4_element et_pb_text et_pb_text_2  et_pb_text_align_left et_pb_bg_layout_light\">\n\t\t\t\t\n\t\t\t\t\n\t\t\t\t\n\t\t\t\t\n\t\t\t\t<div class=\"et_pb_text_inner\"><p><span>Muchos confunden al Jes\u00fas hist\u00f3rico con el Cristo de la fe, siendo ambos totalmente opuestos. Hoy en d\u00eda, tras muchos a\u00f1os de investigaci\u00f3n, sabemos que hay datos suficientes como para comparar ambas figuras y detallar que la imagen evang\u00e9lica de Cristo fue elaborada a partir de la visi\u00f3n de los primeros cristianos. Posteriormente, el contexto en que fueron redactados los Evangelios can\u00f3nicos, m\u00e1s la presi\u00f3n del amenazante Imperio de Roma y el aumento de poder de la Iglesia medieval, explican gran parte de las diferencias entre el Jes\u00fas hist\u00f3rico y el Cristo de la fe.<\/span><\/p><\/div>\n\t\t\t<\/div>\n\t\t\t<\/div>\n\t\t\t\t\n\t\t\t\t\n\t\t\t\t\n\t\t\t\t\n\t\t\t<\/div><div class=\"et_d4_element et_pb_row et_pb_row_1  et_pb_css_mix_blend_mode et_block_row\">\n\t\t\t\t<div class=\"et_pb_with_border et_pb_column_4_4 et_d4_element et_pb_column et_pb_column_3  et_pb_css_mix_blend_mode et-last-child et_block_column\">\n\t\t\t\t\n\t\t\t\t\n\t\t\t\t\n\t\t\t\t\n\t\t\t\t<div class=\"et_pb_module et_d4_element et_pb_heading et_pb_heading_3 et_pb_bg_layout_\">\n\t\t\t\t\n\t\t\t\t\n\t\t\t\t\n\t\t\t\t\n\t\t\t\t<div class=\"et_pb_heading_container\"><h3 class=\"et_pb_module_heading\">\"Si reconoc\u00e9is la verdad, la verdad os har\u00e1 libres. La ignorancia es esclavitud, el conocimiento es libertad.\"<\/h3><\/div>\n\t\t\t<\/div><div class=\"et_pb_module et_d4_element et_pb_heading et_pb_heading_4 et_pb_bg_layout_\">\n\t\t\t\t\n\t\t\t\t\n\t\t\t\t\n\t\t\t\t\n\t\t\t\t<div class=\"et_pb_heading_container\"><h6 class=\"et_pb_module_heading\"> (Jesucristo, Logion 123, Evangelio de Felipe.)<\/h6><\/div>\n\t\t\t<\/div>\n\t\t\t<\/div>\n\t\t\t\t\n\t\t\t\t\n\t\t\t\t\n\t\t\t\t\n\t\t\t<\/div>\n\t\t\t\t\n\t\t\t\t\n\t\t\t<\/div><div class=\"et_d4_element et_pb_section et_pb_section_2 et_pb_with_background  et_pb_css_mix_blend_mode et_section_regular et_block_section\" >\n\t\t\t\t\n\t\t\t\t\n\t\t\t\t\n\t\t\t\t\n\t\t\t\t\n\t\t\t\t\n\t\t\t\t<div class=\"et_d4_element et_pb_row et_pb_row_2  et_pb_css_mix_blend_mode et_block_row\">\n\t\t\t\t<div class=\"et_d4_element et_pb_column_4_4 et_pb_column et_pb_column_4  et_pb_css_mix_blend_mode et-last-child et_block_column\">\n\t\t\t\t\n\t\t\t\t\n\t\t\t\t\n\t\t\t\t\n\t\t\t\t<div class=\"et_pb_module et_d4_element et_pb_heading et_pb_heading_5 et_pb_bg_layout_\">\n\t\t\t\t\n\t\t\t\t\n\t\t\t\t\n\t\t\t\t\n\t\t\t\t<div class=\"et_pb_heading_container\"><h2 class=\"et_pb_module_heading\">Tambi\u00e9n te gustar\u00e1n<\/h2><\/div>\n\t\t\t<\/div>\n\t\t\t<\/div>\n\t\t\t\t\n\t\t\t\t\n\t\t\t\t\n\t\t\t\t\n\t\t\t<\/div><div class=\"et_d4_element et_pb_row et_pb_row_3  et_pb_css_mix_blend_mode et_block_row\">\n\t\t\t\t<div class=\"et_d4_element et_pb_column_1_3 et_pb_column et_pb_column_5  et_pb_css_mix_blend_mode et_block_column\">\n\t\t\t\t\n\t\t\t\t\n\t\t\t\t\n\t\t\t\t\n\t\t\t\t<div class=\"et_pb_module et_d4_element et_pb_image et_pb_image_1\">\n\t\t\t\t\n\t\t\t\t\n\t\t\t\t\n\t\t\t\t\n\t\t\t\t<a href=\"#\"><span class=\"et_pb_image_wrap has-box-shadow-overlay\"><div class=\"box-shadow-overlay\"><\/div><img loading=\"lazy\" decoding=\"async\" width=\"384\" height=\"544\" src=\"https:\/\/lagatacongafas.com\/david-rabada-i-vives\/wp-content\/uploads\/sites\/10\/2025\/05\/16rqdk49-front-shortedge-384.jpg\" alt=\"\" title=\"16rqdk49-front-shortedge-384\" srcset=\"https:\/\/lagatacongafas.com\/david-rabada-i-vives\/wp-content\/uploads\/sites\/10\/2025\/05\/16rqdk49-front-shortedge-384.jpg 384w, https:\/\/lagatacongafas.com\/david-rabada-i-vives\/wp-content\/uploads\/sites\/10\/2025\/05\/16rqdk49-front-shortedge-384-212x300.jpg 212w\" sizes=\"(max-width: 384px) 100vw, 384px\" class=\"wp-image-75\" \/><\/span><\/a>\n\t\t\t<\/div>\n\t\t\t<\/div><div class=\"et_d4_element et_pb_column_1_3 et_pb_column et_pb_column_6  et_pb_css_mix_blend_mode et_block_column\">\n\t\t\t\t\n\t\t\t\t\n\t\t\t\t\n\t\t\t\t\n\t\t\t\t<div class=\"et_pb_module et_d4_element et_pb_image et_pb_image_2\">\n\t\t\t\t\n\t\t\t\t\n\t\t\t\t\n\t\t\t\t\n\t\t\t\t<a href=\"#\"><span class=\"et_pb_image_wrap has-box-shadow-overlay\"><div class=\"box-shadow-overlay\"><\/div><img loading=\"lazy\" decoding=\"async\" width=\"637\" height=\"1000\" src=\"https:\/\/lagatacongafas.com\/david-rabada-i-vives\/wp-content\/uploads\/sites\/10\/2025\/05\/71Upd6alDZL._AC_UF10001000_QL80_.jpg\" alt=\"\" title=\"71Upd6alDZL._AC_UF1000,1000_QL80_\" srcset=\"https:\/\/lagatacongafas.com\/david-rabada-i-vives\/wp-content\/uploads\/sites\/10\/2025\/05\/71Upd6alDZL._AC_UF10001000_QL80_.jpg 637w, https:\/\/lagatacongafas.com\/david-rabada-i-vives\/wp-content\/uploads\/sites\/10\/2025\/05\/71Upd6alDZL._AC_UF10001000_QL80_-480x754.jpg 480w\" sizes=\"(min-width: 0px) and (max-width: 480px) 480px, (min-width: 481px) 637px, 100vw\" class=\"wp-image-78\" \/><\/span><\/a>\n\t\t\t<\/div>\n\t\t\t<\/div><div class=\"et_d4_element et_pb_column_1_3 et_pb_column et_pb_column_7  et_pb_css_mix_blend_mode et-last-child et_block_column\">\n\t\t\t\t\n\t\t\t\t\n\t\t\t\t\n\t\t\t\t\n\t\t\t\t<div class=\"et_pb_module et_d4_element et_pb_image et_pb_image_3\">\n\t\t\t\t\n\t\t\t\t\n\t\t\t\t\n\t\t\t\t\n\t\t\t\t<a href=\"#\"><span class=\"et_pb_image_wrap has-box-shadow-overlay\"><div class=\"box-shadow-overlay\"><\/div><img loading=\"lazy\" decoding=\"async\" width=\"1200\" height=\"1600\" src=\"https:\/\/lagatacongafas.com\/david-rabada-i-vives\/wp-content\/uploads\/sites\/10\/2025\/05\/61FzLajRdL.jpg\" alt=\"\" title=\"61+FzLajRdL\" srcset=\"https:\/\/lagatacongafas.com\/david-rabada-i-vives\/wp-content\/uploads\/sites\/10\/2025\/05\/61FzLajRdL.jpg 1200w, https:\/\/lagatacongafas.com\/david-rabada-i-vives\/wp-content\/uploads\/sites\/10\/2025\/05\/61FzLajRdL-980x1307.jpg 980w, https:\/\/lagatacongafas.com\/david-rabada-i-vives\/wp-content\/uploads\/sites\/10\/2025\/05\/61FzLajRdL-480x640.jpg 480w\" sizes=\"(min-width: 0px) and (max-width: 480px) 480px, (min-width: 481px) and (max-width: 980px) 980px, (min-width: 981px) 1200px, 100vw\" class=\"wp-image-76\" \/><\/span><\/a>\n\t\t\t<\/div>\n\t\t\t<\/div>\n\t\t\t\t\n\t\t\t\t\n\t\t\t\t\n\t\t\t\t\n\t\t\t<\/div><div class=\"et_d4_element et_pb_row et_pb_row_4  et_pb_css_mix_blend_mode et_block_row\">\n\t\t\t\t<div class=\"et_d4_element et_pb_column_4_4 et_pb_column et_pb_column_8  et_pb_css_mix_blend_mode et-last-child et_block_column\">\n\t\t\t\t\n\t\t\t\t\n\t\t\t\t\n\t\t\t\t\n\t\t\t\t<div class=\"et_pb_button_module_wrapper et_pb_button_2_wrapper et_pb_button_alignment_center et_pb_module \">\n\t\t\t\t<a class=\"et_pb_button et_d4_element et_pb_button_2 et_pb_bg_layout_light et_block_module\" href=\"\">Todos mis libros<\/a>\n\t\t\t<\/div>\n\t\t\t<\/div>\n\t\t\t\t\n\t\t\t\t\n\t\t\t\t\n\t\t\t\t\n\t\t\t<\/div>\n\t\t\t\t\n\t\t\t\t\n\t\t\t<\/div><div class=\"et_d4_element et_pb_section et_pb_section_3 et_pb_with_background  et_pb_css_mix_blend_mode et_section_regular et_block_section\" >\n\t\t\t\t\n\t\t\t\t\n\t\t\t\t\n\t\t\t\t\n\t\t\t\t\n\t\t\t\t\n\t\t\t\t<div class=\"et_d4_element et_pb_row et_pb_row_5  et_pb_css_mix_blend_mode et_block_row\">\n\t\t\t\t<div class=\"et_d4_element et_pb_column_4_4 et_pb_column et_pb_column_9  et_pb_css_mix_blend_mode et-last-child et_block_column\">\n\t\t\t\t\n\t\t\t\t\n\t\t\t\t\n\t\t\t\t\n\t\t\t\t<div class=\"et_pb_module et_d4_element et_pb_image et_pb_image_4\">\n\t\t\t\t\n\t\t\t\t\n\t\t\t\t\n\t\t\t\t\n\t\t\t\t<span class=\"et_pb_image_wrap \"><img loading=\"lazy\" decoding=\"async\" width=\"337\" height=\"337\" src=\"https:\/\/lagatacongafas.com\/david-rabada-i-vives\/wp-content\/uploads\/sites\/10\/2025\/05\/1588503176497.jpg\" alt=\"\" title=\"1588503176497\" srcset=\"https:\/\/lagatacongafas.com\/david-rabada-i-vives\/wp-content\/uploads\/sites\/10\/2025\/05\/1588503176497.jpg 337w, https:\/\/lagatacongafas.com\/david-rabada-i-vives\/wp-content\/uploads\/sites\/10\/2025\/05\/1588503176497-300x300.jpg 300w, https:\/\/lagatacongafas.com\/david-rabada-i-vives\/wp-content\/uploads\/sites\/10\/2025\/05\/1588503176497-150x150.jpg 150w, https:\/\/lagatacongafas.com\/david-rabada-i-vives\/wp-content\/uploads\/sites\/10\/2025\/05\/1588503176497-100x100.jpg 100w\" sizes=\"(max-width: 337px) 100vw, 337px\" class=\"wp-image-73\" \/><\/span>\n\t\t\t<\/div><div class=\"et_pb_module et_d4_element et_pb_heading et_pb_heading_6 et_pb_bg_layout_\">\n\t\t\t\t\n\t\t\t\t\n\t\t\t\t\n\t\t\t\t\n\t\t\t\t<div class=\"et_pb_heading_container\"><h2 class=\"et_pb_module_heading\">David Rabad\u00e0 i Vives<\/h2><\/div>\n\t\t\t<\/div><div class=\"et_pb_module et_d4_element et_pb_text et_pb_text_3  et_pb_text_align_center et_pb_bg_layout_light\">\n\t\t\t\t\n\t\t\t\t\n\t\t\t\t\n\t\t\t\t\n\t\t\t\t<div class=\"et_pb_text_inner\"><p>S\u00edgueme en redes<\/p><\/div>\n\t\t\t<\/div><ul class=\"et_pb_module et_d4_element et_pb_social_media_follow et_pb_social_media_follow_0 clearfix  et_pb_text_align_center et_pb_bg_layout_light\">\n\t\t\t\t\n\t\t\t\t\n\t\t\t\t\n\t\t\t\t\n\t\t\t\t<li\n            class='et_d4_element et_pb_social_media_follow_network_0 et_pb_social_icon et_block_module et_pb_social_network_link  et-social-facebook et_pb_social_media_follow_network'><a\n              href='https:\/\/www.facebook.com\/david.rabadavives.3\/'\n              class='icon et_pb_with_border'\n              title='Seguir en Facebook'\n               target=\"_blank\"><span\n                class='et_pb_social_media_follow_network_name'\n                aria-hidden='true'\n                >Seguir<\/span><\/a><\/li><li\n            class='et_d4_element et_pb_social_media_follow_network_1 et_pb_social_icon et_block_module et_pb_social_network_link  et-social-instagram et_pb_social_media_follow_network'><a\n              href='https:\/\/www.instagram.com\/rabadavives\/'\n              class='icon et_pb_with_border'\n              title='Seguir en Instagram'\n               target=\"_blank\"><span\n                class='et_pb_social_media_follow_network_name'\n                aria-hidden='true'\n                >Seguir<\/span><\/a><\/li><li\n            class='et_d4_element et_pb_social_media_follow_network_2 et_pb_social_icon et_block_module et_pb_social_network_link  et-social-linkedin et_pb_social_media_follow_network'><a\n              href='https:\/\/www.linkedin.com\/in\/david-rabada-vives-1614542a\/'\n              class='icon et_pb_with_border'\n              title='Seguir en LinkedIn'\n               target=\"_blank\"><span\n                class='et_pb_social_media_follow_network_name'\n                aria-hidden='true'\n                >Seguir<\/span><\/a><\/li><li\n            class='et_d4_element et_pb_social_media_follow_network_3 et_pb_social_icon et_block_module et_pb_social_network_link  et-social-twitter et_pb_social_media_follow_network'><a\n              href='https:\/\/x.com\/DAVIDRABADA'\n              class='icon et_pb_with_border'\n              title='Seguir en X'\n               target=\"_blank\"><span\n                class='et_pb_social_media_follow_network_name'\n                aria-hidden='true'\n                >Seguir<\/span><\/a><\/li>\n\t\t\t<\/ul>\n\t\t\t<\/div>\n\t\t\t\t\n\t\t\t\t\n\t\t\t\t\n\t\t\t\t\n\t\t\t<\/div>\n\t\t\t\t\n\t\t\t\t\n\t\t\t<\/div><\/p>\n","protected":false},"excerpt":{"rendered":"","protected":false},"author":1,"featured_media":0,"parent":0,"menu_order":0,"comment_status":"closed","ping_status":"closed","template":"","meta":{"_acf_changed":false,"_et_pb_use_builder":"on","_et_pb_old_content":"","_et_gb_content_width":"","footnotes":""},"class_list":["post-136","page","type-page","status-publish","hentry"],"acf":[],"yoast_head":"<!-- This site is optimized with the Yoast SEO Premium plugin v26.6 (Yoast SEO v27.4) - https:\/\/yoast.com\/product\/yoast-seo-premium-wordpress\/ -->\n<title>El Jes\u00fas hist\u00f3rico - David Rabad\u00e0 i Vives<\/title>\n<meta name=\"robots\" content=\"index, follow, max-snippet:-1, max-image-preview:large, max-video-preview:-1\" \/>\n<link rel=\"canonical\" href=\"https:\/\/lagatacongafas.com\/david-rabada-i-vives\/el-jesus-historico\/\" \/>\n<meta property=\"og:locale\" content=\"es_ES\" \/>\n<meta property=\"og:type\" content=\"article\" \/>\n<meta property=\"og:title\" content=\"El Jes\u00fas hist\u00f3rico\" \/>\n<meta property=\"og:url\" content=\"https:\/\/lagatacongafas.com\/david-rabada-i-vives\/el-jesus-historico\/\" \/>\n<meta property=\"og:site_name\" content=\"David Rabad\u00e0 i Vives\" \/>\n<meta property=\"article:modified_time\" content=\"2025-05-29T11:31:30+00:00\" \/>\n<meta name=\"twitter:card\" content=\"summary_large_image\" \/>\n<meta name=\"twitter:label1\" content=\"Tiempo de lectura\" \/>\n\t<meta name=\"twitter:data1\" content=\"12 minutos\" \/>\n<script type=\"application\/ld+json\" class=\"yoast-schema-graph\">{\"@context\":\"https:\\\/\\\/schema.org\",\"@graph\":[{\"@type\":\"WebPage\",\"@id\":\"https:\\\/\\\/lagatacongafas.com\\\/david-rabada-i-vives\\\/el-jesus-historico\\\/\",\"url\":\"https:\\\/\\\/lagatacongafas.com\\\/david-rabada-i-vives\\\/el-jesus-historico\\\/\",\"name\":\"El Jes\u00fas hist\u00f3rico - David Rabad\u00e0 i Vives\",\"isPartOf\":{\"@id\":\"https:\\\/\\\/lagatacongafas.com\\\/david-rabada-i-vives\\\/#website\"},\"datePublished\":\"2025-05-29T11:22:40+00:00\",\"dateModified\":\"2025-05-29T11:31:30+00:00\",\"breadcrumb\":{\"@id\":\"https:\\\/\\\/lagatacongafas.com\\\/david-rabada-i-vives\\\/el-jesus-historico\\\/#breadcrumb\"},\"inLanguage\":\"es\",\"potentialAction\":[{\"@type\":\"ReadAction\",\"target\":[\"https:\\\/\\\/lagatacongafas.com\\\/david-rabada-i-vives\\\/el-jesus-historico\\\/\"]}]},{\"@type\":\"BreadcrumbList\",\"@id\":\"https:\\\/\\\/lagatacongafas.com\\\/david-rabada-i-vives\\\/el-jesus-historico\\\/#breadcrumb\",\"itemListElement\":[{\"@type\":\"ListItem\",\"position\":1,\"name\":\"Portada\",\"item\":\"https:\\\/\\\/lagatacongafas.com\\\/david-rabada-i-vives\\\/\"},{\"@type\":\"ListItem\",\"position\":2,\"name\":\"El Jes\u00fas hist\u00f3rico\"}]},{\"@type\":\"WebSite\",\"@id\":\"https:\\\/\\\/lagatacongafas.com\\\/david-rabada-i-vives\\\/#website\",\"url\":\"https:\\\/\\\/lagatacongafas.com\\\/david-rabada-i-vives\\\/\",\"name\":\"David Rabad\u00e0 i Vives\",\"description\":\"\",\"potentialAction\":[{\"@type\":\"SearchAction\",\"target\":{\"@type\":\"EntryPoint\",\"urlTemplate\":\"https:\\\/\\\/lagatacongafas.com\\\/david-rabada-i-vives\\\/?s={search_term_string}\"},\"query-input\":{\"@type\":\"PropertyValueSpecification\",\"valueRequired\":true,\"valueName\":\"search_term_string\"}}],\"inLanguage\":\"es\"}]}<\/script>\n<!-- \/ Yoast SEO Premium plugin. -->","yoast_head_json":{"title":"El Jes\u00fas hist\u00f3rico - David Rabad\u00e0 i Vives","robots":{"index":"index","follow":"follow","max-snippet":"max-snippet:-1","max-image-preview":"max-image-preview:large","max-video-preview":"max-video-preview:-1"},"canonical":"https:\/\/lagatacongafas.com\/david-rabada-i-vives\/el-jesus-historico\/","og_locale":"es_ES","og_type":"article","og_title":"El Jes\u00fas hist\u00f3rico","og_url":"https:\/\/lagatacongafas.com\/david-rabada-i-vives\/el-jesus-historico\/","og_site_name":"David Rabad\u00e0 i Vives","article_modified_time":"2025-05-29T11:31:30+00:00","twitter_card":"summary_large_image","twitter_misc":{"Tiempo de lectura":"12 minutos"},"schema":{"@context":"https:\/\/schema.org","@graph":[{"@type":"WebPage","@id":"https:\/\/lagatacongafas.com\/david-rabada-i-vives\/el-jesus-historico\/","url":"https:\/\/lagatacongafas.com\/david-rabada-i-vives\/el-jesus-historico\/","name":"El Jes\u00fas hist\u00f3rico - David Rabad\u00e0 i Vives","isPartOf":{"@id":"https:\/\/lagatacongafas.com\/david-rabada-i-vives\/#website"},"datePublished":"2025-05-29T11:22:40+00:00","dateModified":"2025-05-29T11:31:30+00:00","breadcrumb":{"@id":"https:\/\/lagatacongafas.com\/david-rabada-i-vives\/el-jesus-historico\/#breadcrumb"},"inLanguage":"es","potentialAction":[{"@type":"ReadAction","target":["https:\/\/lagatacongafas.com\/david-rabada-i-vives\/el-jesus-historico\/"]}]},{"@type":"BreadcrumbList","@id":"https:\/\/lagatacongafas.com\/david-rabada-i-vives\/el-jesus-historico\/#breadcrumb","itemListElement":[{"@type":"ListItem","position":1,"name":"Portada","item":"https:\/\/lagatacongafas.com\/david-rabada-i-vives\/"},{"@type":"ListItem","position":2,"name":"El Jes\u00fas hist\u00f3rico"}]},{"@type":"WebSite","@id":"https:\/\/lagatacongafas.com\/david-rabada-i-vives\/#website","url":"https:\/\/lagatacongafas.com\/david-rabada-i-vives\/","name":"David Rabad\u00e0 i Vives","description":"","potentialAction":[{"@type":"SearchAction","target":{"@type":"EntryPoint","urlTemplate":"https:\/\/lagatacongafas.com\/david-rabada-i-vives\/?s={search_term_string}"},"query-input":{"@type":"PropertyValueSpecification","valueRequired":true,"valueName":"search_term_string"}}],"inLanguage":"es"}]}},"_links":{"self":[{"href":"https:\/\/lagatacongafas.com\/david-rabada-i-vives\/wp-json\/wp\/v2\/pages\/136","targetHints":{"allow":["GET"]}}],"collection":[{"href":"https:\/\/lagatacongafas.com\/david-rabada-i-vives\/wp-json\/wp\/v2\/pages"}],"about":[{"href":"https:\/\/lagatacongafas.com\/david-rabada-i-vives\/wp-json\/wp\/v2\/types\/page"}],"author":[{"embeddable":true,"href":"https:\/\/lagatacongafas.com\/david-rabada-i-vives\/wp-json\/wp\/v2\/users\/1"}],"replies":[{"embeddable":true,"href":"https:\/\/lagatacongafas.com\/david-rabada-i-vives\/wp-json\/wp\/v2\/comments?post=136"}],"version-history":[{"count":3,"href":"https:\/\/lagatacongafas.com\/david-rabada-i-vives\/wp-json\/wp\/v2\/pages\/136\/revisions"}],"predecessor-version":[{"id":140,"href":"https:\/\/lagatacongafas.com\/david-rabada-i-vives\/wp-json\/wp\/v2\/pages\/136\/revisions\/140"}],"wp:attachment":[{"href":"https:\/\/lagatacongafas.com\/david-rabada-i-vives\/wp-json\/wp\/v2\/media?parent=136"}],"curies":[{"name":"wp","href":"https:\/\/api.w.org\/{rel}","templated":true}]}}